{"id":9313,"date":"2026-09-01T17:05:55","date_gmt":"2026-09-01T15:05:55","guid":{"rendered":"https:\/\/uppland.birdlife.se\/?post_type=tribe_events&#038;p=9313"},"modified":"2026-09-01T17:20:12","modified_gmt":"2026-09-01T15:20:12","slug":"fjardhundraslatten","status":"publish","type":"tribe_events","link":"https:\/\/uppland.birdlife.se\/en\/program\/fjardhundraslatten\/","title":{"rendered":"Fj\u00e4rdhundrasl\u00e4tten"},"content":{"rendered":"<p><img decoding=\"async\" class=\"alignnone wp-image-6674\" src=\"https:\/\/cdn.birdlife.se\/wp-content\/uploads\/sites\/58\/2024\/10\/tillganglighet.png\" alt=\"\" width=\"43\" height=\"43\" srcset=\"https:\/\/cdn.birdlife.se\/wp-content\/uploads\/sites\/58\/2024\/10\/tillganglighet.png 64w, https:\/\/cdn.birdlife.se\/wp-content\/uploads\/sites\/58\/2024\/10\/tillganglighet-12x12.png 12w\" sizes=\"(max-width: 43px) 100vw, 43px\" \/> <img decoding=\"async\" class=\"alignnone wp-image-6675\" src=\"https:\/\/cdn.birdlife.se\/wp-content\/uploads\/sites\/58\/2024\/10\/tubkikare.png\" alt=\"\" width=\"42\" height=\"43\" srcset=\"https:\/\/cdn.birdlife.se\/wp-content\/uploads\/sites\/58\/2024\/10\/tubkikare.png 65w, https:\/\/cdn.birdlife.se\/wp-content\/uploads\/sites\/58\/2024\/10\/tubkikare-12x12.png 12w\" sizes=\"(max-width: 42px) 100vw, 42px\" \/> <img decoding=\"async\" class=\"alignnone wp-image-6667\" src=\"https:\/\/cdn.birdlife.se\/wp-content\/uploads\/sites\/58\/2024\/10\/erfarenhetA.png\" alt=\"\" width=\"43\" height=\"43\" srcset=\"https:\/\/cdn.birdlife.se\/wp-content\/uploads\/sites\/58\/2024\/10\/erfarenhetA.png 64w, https:\/\/cdn.birdlife.se\/wp-content\/uploads\/sites\/58\/2024\/10\/erfarenhetA-12x12.png 12w\" sizes=\"(max-width: 43px) 100vw, 43px\" \/> <img loading=\"lazy\" decoding=\"async\" class=\"alignnone wp-image-6670\" src=\"https:\/\/cdn.birdlife.se\/wp-content\/uploads\/sites\/58\/2024\/10\/terrang1.png\" alt=\"\" width=\"44\" height=\"44\" srcset=\"https:\/\/cdn.birdlife.se\/wp-content\/uploads\/sites\/58\/2024\/10\/terrang1.png 74w, https:\/\/cdn.birdlife.se\/wp-content\/uploads\/sites\/58\/2024\/10\/terrang1-12x12.png 12w\" sizes=\"(max-width: 44px) 100vw, 44px\" \/> <img loading=\"lazy\" decoding=\"async\" class=\"alignnone wp-image-6673\" src=\"https:\/\/cdn.birdlife.se\/wp-content\/uploads\/sites\/58\/2024\/10\/tidsatgang.png\" alt=\"\" width=\"42\" height=\"43\" srcset=\"https:\/\/cdn.birdlife.se\/wp-content\/uploads\/sites\/58\/2024\/10\/tidsatgang.png 65w, https:\/\/cdn.birdlife.se\/wp-content\/uploads\/sites\/58\/2024\/10\/tidsatgang-12x12.png 12w\" sizes=\"(max-width: 42px) 100vw, 42px\" \/>4h<\/p>\n<p>Vi far till sl\u00e4tten norr om Enk\u00f6ping och spanar efter olika rovf\u00e5glar. Pekka Westin guidar oss i konsten att hitta och identifiera rovf\u00e5glarna. Vi hoppas \u00e4ven f\u00e5 se lite sm\u00e5f\u00e5gel rasta p\u00e5 sl\u00e4tterna. Vi kommer att tr\u00e4ffa Pekka vid Alstasj\u00f6ns badplats, ca 10:00. Det g\u00e5r \u00e4ven bra att ta sig sj\u00e4lv dit.<\/p>\n<p>&nbsp;<\/p>\n<p><strong>Anm\u00e4lan:<\/strong> anita_janelm@hotmail.com eller 073-4176851<br \/>\n<strong>Samling:<\/strong> 09:00 vid Helga Trefaldighets kyrka<br \/>\n<strong>Kostnad:<\/strong> 100 kr till f\u00f6raren<\/p>","protected":false},"excerpt":{"rendered":"<p>4h Vi far till sl\u00e4tten norr om Enk\u00f6ping och spanar efter olika rovf\u00e5glar. Pekka Westin guidar oss i konsten att hitta och identifiera rovf\u00e5glarna. Vi hoppas \u00e4ven f\u00e5 se lite [&hellip;]<\/p>\n","protected":false},"author":106,"featured_media":0,"template":"","meta":{"_acf_changed":false,"inline_featured_image":false,"_tribe_events_status":"","_tribe_events_status_reason":"","_tribe_events_is_hybrid":"","_tribe_events_is_virtual":"","_tribe_events_virtual_video_source":"","_tribe_events_virtual_embed_video":"","_tribe_events_virtual_linked_button_text":"","_tribe_events_virtual_linked_button":"","_tribe_events_virtual_show_embed_at":"","_tribe_events_virtual_show_embed_to":[],"_tribe_events_virtual_show_on_event":"","_tribe_events_virtual_show_on_views":"","_tribe_events_virtual_url":"","footnotes":""},"tags":[],"tribe_events_cat":[33],"class_list":["post-9313","tribe_events","type-tribe_events","status-publish","hentry","tribe_events_cat-vandring","cat_vandring"],"acf":[],"yoast_head":"<!-- This site is optimized with the Yoast SEO plugin v28.3 - https:\/\/yoast.com\/product\/yoast-seo-wordpress\/ -->\n<title>Fj\u00e4rdhundrasl\u00e4tten - BirdLife Uppland<\/title>\n<meta name=\"robots\" content=\"index, follow, max-snippet:-1, max-image-preview:large, max-video-preview:-1\" \/>\n<link rel=\"canonical\" href=\"https:\/\/uppland.birdlife.se\/en\/program\/fjardhundraslatten\/\" \/>\n<meta property=\"og:locale\" content=\"en_GB\" \/>\n<meta property=\"og:type\" content=\"article\" \/>\n<meta property=\"og:title\" content=\"Fj\u00e4rdhundrasl\u00e4tten - BirdLife Uppland\" \/>\n<meta property=\"og:description\" content=\"4h Vi far till sl\u00e4tten norr om Enk\u00f6ping och spanar efter olika rovf\u00e5glar. Pekka Westin guidar oss i konsten att hitta och identifiera rovf\u00e5glarna. Vi hoppas \u00e4ven f\u00e5 se lite [&hellip;]\" \/>\n<meta property=\"og:url\" content=\"https:\/\/uppland.birdlife.se\/en\/program\/fjardhundraslatten\/\" \/>\n<meta property=\"og:site_name\" content=\"BirdLife Uppland\" \/>\n<meta property=\"article:publisher\" content=\"https:\/\/www.facebook.com\/UpplandsOrn\" \/>\n<meta property=\"article:modified_time\" content=\"2026-09-01T15:20:12+00:00\" \/>\n<meta property=\"og:image\" content=\"https:\/\/uppland.birdlife.se\/wp-content\/uploads\/sites\/58\/2024\/10\/tillganglighet.png\" \/>\n<meta name=\"twitter:card\" content=\"summary_large_image\" \/>\n<meta name=\"twitter:label1\" content=\"Est. reading time\" \/>\n\t<meta name=\"twitter:data1\" content=\"2 minutes\" \/>\n<script type=\"application\/ld+json\" class=\"yoast-schema-graph\">{\"@context\":\"https:\\\/\\\/schema.org\",\"@graph\":[{\"@type\":\"WebPage\",\"@id\":\"https:\\\/\\\/uppland.birdlife.se\\\/program\\\/fjardhundraslatten\\\/\",\"url\":\"https:\\\/\\\/uppland.birdlife.se\\\/program\\\/fjardhundraslatten\\\/\",\"name\":\"Fj\u00e4rdhundrasl\u00e4tten - BirdLife Uppland\",\"isPartOf\":{\"@id\":\"https:\\\/\\\/uppland.birdlife.se\\\/#website\"},\"primaryImageOfPage\":{\"@id\":\"https:\\\/\\\/uppland.birdlife.se\\\/program\\\/fjardhundraslatten\\\/#primaryimage\"},\"image\":{\"@id\":\"https:\\\/\\\/uppland.birdlife.se\\\/program\\\/fjardhundraslatten\\\/#primaryimage\"},\"thumbnailUrl\":\"https:\\\/\\\/uppland.birdlife.se\\\/wp-content\\\/uploads\\\/sites\\\/58\\\/2024\\\/10\\\/tillganglighet.png\",\"datePublished\":\"2026-09-01T15:05:55+00:00\",\"dateModified\":\"2026-09-01T15:20:12+00:00\",\"breadcrumb\":{\"@id\":\"https:\\\/\\\/uppland.birdlife.se\\\/program\\\/fjardhundraslatten\\\/#breadcrumb\"},\"inLanguage\":\"en-GB\",\"potentialAction\":[{\"@type\":\"ReadAction\",\"target\":[\"https:\\\/\\\/uppland.birdlife.se\\\/program\\\/fjardhundraslatten\\\/\"]}]},{\"@type\":\"ImageObject\",\"inLanguage\":\"en-GB\",\"@id\":\"https:\\\/\\\/uppland.birdlife.se\\\/program\\\/fjardhundraslatten\\\/#primaryimage\",\"url\":\"https:\\\/\\\/uppland.birdlife.se\\\/wp-content\\\/uploads\\\/sites\\\/58\\\/2024\\\/10\\\/tillganglighet.png\",\"contentUrl\":\"https:\\\/\\\/uppland.birdlife.se\\\/wp-content\\\/uploads\\\/sites\\\/58\\\/2024\\\/10\\\/tillganglighet.png\"},{\"@type\":\"BreadcrumbList\",\"@id\":\"https:\\\/\\\/uppland.birdlife.se\\\/program\\\/fjardhundraslatten\\\/#breadcrumb\",\"itemListElement\":[{\"@type\":\"ListItem\",\"position\":1,\"name\":\"Home\",\"item\":\"https:\\\/\\\/uppland.birdlife.se\\\/\"},{\"@type\":\"ListItem\",\"position\":2,\"name\":\"Evenemang\",\"item\":\"https:\\\/\\\/uppland.birdlife.se\\\/evenemang\\\/\"},{\"@type\":\"ListItem\",\"position\":3,\"name\":\"Fj\u00e4rdhundrasl\u00e4tten\"}]},{\"@type\":\"WebSite\",\"@id\":\"https:\\\/\\\/uppland.birdlife.se\\\/#website\",\"url\":\"https:\\\/\\\/uppland.birdlife.se\\\/\",\"name\":\"BirdLife Uppland\",\"description\":\"En levande f\u00e5gelfauna i hela Uppland\",\"publisher\":{\"@id\":\"https:\\\/\\\/uppland.birdlife.se\\\/#organization\"},\"potentialAction\":[{\"@type\":\"SearchAction\",\"target\":{\"@type\":\"EntryPoint\",\"urlTemplate\":\"https:\\\/\\\/uppland.birdlife.se\\\/?s={search_term_string}\"},\"query-input\":{\"@type\":\"PropertyValueSpecification\",\"valueRequired\":true,\"valueName\":\"search_term_string\"}}],\"inLanguage\":\"en-GB\"},{\"@type\":\"Organization\",\"@id\":\"https:\\\/\\\/uppland.birdlife.se\\\/#organization\",\"name\":\"BirdLife Uppland\",\"url\":\"https:\\\/\\\/uppland.birdlife.se\\\/\",\"logo\":{\"@type\":\"ImageObject\",\"inLanguage\":\"en-GB\",\"@id\":\"https:\\\/\\\/uppland.birdlife.se\\\/#\\\/schema\\\/logo\\\/image\\\/\",\"url\":\"https:\\\/\\\/cdn.birdlife.se\\\/wp-content\\\/uploads\\\/sites\\\/58\\\/2025\\\/12\\\/birdlifeUOF_profil_vertikal_150dpi.png\",\"contentUrl\":\"https:\\\/\\\/cdn.birdlife.se\\\/wp-content\\\/uploads\\\/sites\\\/58\\\/2025\\\/12\\\/birdlifeUOF_profil_vertikal_150dpi.png\",\"width\":469,\"height\":459,\"caption\":\"BirdLife Uppland\"},\"image\":{\"@id\":\"https:\\\/\\\/uppland.birdlife.se\\\/#\\\/schema\\\/logo\\\/image\\\/\"},\"sameAs\":[\"https:\\\/\\\/www.facebook.com\\\/UpplandsOrn\"]}]}<\/script>\n<!-- \/ Yoast SEO plugin. -->","yoast_head_json":{"title":"Fj\u00e4rdhundrasl\u00e4tten - BirdLife Uppland","robots":{"index":"index","follow":"follow","max-snippet":"max-snippet:-1","max-image-preview":"max-image-preview:large","max-video-preview":"max-video-preview:-1"},"canonical":"https:\/\/uppland.birdlife.se\/en\/program\/fjardhundraslatten\/","og_locale":"en_GB","og_type":"article","og_title":"Fj\u00e4rdhundrasl\u00e4tten - BirdLife Uppland","og_description":"4h Vi far till sl\u00e4tten norr om Enk\u00f6ping och spanar efter olika rovf\u00e5glar. Pekka Westin guidar oss i konsten att hitta och identifiera rovf\u00e5glarna. Vi hoppas \u00e4ven f\u00e5 se lite [&hellip;]","og_url":"https:\/\/uppland.birdlife.se\/en\/program\/fjardhundraslatten\/","og_site_name":"BirdLife Uppland","article_publisher":"https:\/\/www.facebook.com\/UpplandsOrn","article_modified_time":"2026-09-01T15:20:12+00:00","og_image":[{"url":"https:\/\/uppland.birdlife.se\/wp-content\/uploads\/sites\/58\/2024\/10\/tillganglighet.png","type":"","width":"","height":""}],"twitter_card":"summary_large_image","twitter_misc":{"Est. reading time":"2 minutes"},"schema":{"@context":"https:\/\/schema.org","@graph":[{"@type":"WebPage","@id":"https:\/\/uppland.birdlife.se\/program\/fjardhundraslatten\/","url":"https:\/\/uppland.birdlife.se\/program\/fjardhundraslatten\/","name":"Fj\u00e4rdhundrasl\u00e4tten - BirdLife Uppland","isPartOf":{"@id":"https:\/\/uppland.birdlife.se\/#website"},"primaryImageOfPage":{"@id":"https:\/\/uppland.birdlife.se\/program\/fjardhundraslatten\/#primaryimage"},"image":{"@id":"https:\/\/uppland.birdlife.se\/program\/fjardhundraslatten\/#primaryimage"},"thumbnailUrl":"https:\/\/uppland.birdlife.se\/wp-content\/uploads\/sites\/58\/2024\/10\/tillganglighet.png","datePublished":"2026-09-01T15:05:55+00:00","dateModified":"2026-09-01T15:20:12+00:00","breadcrumb":{"@id":"https:\/\/uppland.birdlife.se\/program\/fjardhundraslatten\/#breadcrumb"},"inLanguage":"en-GB","potentialAction":[{"@type":"ReadAction","target":["https:\/\/uppland.birdlife.se\/program\/fjardhundraslatten\/"]}]},{"@type":"ImageObject","inLanguage":"en-GB","@id":"https:\/\/uppland.birdlife.se\/program\/fjardhundraslatten\/#primaryimage","url":"https:\/\/uppland.birdlife.se\/wp-content\/uploads\/sites\/58\/2024\/10\/tillganglighet.png","contentUrl":"https:\/\/uppland.birdlife.se\/wp-content\/uploads\/sites\/58\/2024\/10\/tillganglighet.png"},{"@type":"BreadcrumbList","@id":"https:\/\/uppland.birdlife.se\/program\/fjardhundraslatten\/#breadcrumb","itemListElement":[{"@type":"ListItem","position":1,"name":"Home","item":"https:\/\/uppland.birdlife.se\/"},{"@type":"ListItem","position":2,"name":"Evenemang","item":"https:\/\/uppland.birdlife.se\/evenemang\/"},{"@type":"ListItem","position":3,"name":"Fj\u00e4rdhundrasl\u00e4tten"}]},{"@type":"WebSite","@id":"https:\/\/uppland.birdlife.se\/#website","url":"https:\/\/uppland.birdlife.se\/","name":"BirdLife Uppland","description":"En levande f\u00e5gelfauna i hela Uppland","publisher":{"@id":"https:\/\/uppland.birdlife.se\/#organization"},"potentialAction":[{"@type":"SearchAction","target":{"@type":"EntryPoint","urlTemplate":"https:\/\/uppland.birdlife.se\/?s={search_term_string}"},"query-input":{"@type":"PropertyValueSpecification","valueRequired":true,"valueName":"search_term_string"}}],"inLanguage":"en-GB"},{"@type":"Organization","@id":"https:\/\/uppland.birdlife.se\/#organization","name":"BirdLife Uppland","url":"https:\/\/uppland.birdlife.se\/","logo":{"@type":"ImageObject","inLanguage":"en-GB","@id":"https:\/\/uppland.birdlife.se\/#\/schema\/logo\/image\/","url":"https:\/\/cdn.birdlife.se\/wp-content\/uploads\/sites\/58\/2025\/12\/birdlifeUOF_profil_vertikal_150dpi.png","contentUrl":"https:\/\/cdn.birdlife.se\/wp-content\/uploads\/sites\/58\/2025\/12\/birdlifeUOF_profil_vertikal_150dpi.png","width":469,"height":459,"caption":"BirdLife Uppland"},"image":{"@id":"https:\/\/uppland.birdlife.se\/#\/schema\/logo\/image\/"},"sameAs":["https:\/\/www.facebook.com\/UpplandsOrn"]}]}},"_links":{"self":[{"href":"https:\/\/uppland.birdlife.se\/en\/wp-json\/wp\/v2\/tribe_events\/9313","targetHints":{"allow":["GET"]}}],"collection":[{"href":"https:\/\/uppland.birdlife.se\/en\/wp-json\/wp\/v2\/tribe_events"}],"about":[{"href":"https:\/\/uppland.birdlife.se\/en\/wp-json\/wp\/v2\/types\/tribe_events"}],"author":[{"embeddable":true,"href":"https:\/\/uppland.birdlife.se\/en\/wp-json\/wp\/v2\/users\/106"}],"version-history":[{"count":5,"href":"https:\/\/uppland.birdlife.se\/en\/wp-json\/wp\/v2\/tribe_events\/9313\/revisions"}],"predecessor-version":[{"id":9337,"href":"https:\/\/uppland.birdlife.se\/en\/wp-json\/wp\/v2\/tribe_events\/9313\/revisions\/9337"}],"wp:attachment":[{"href":"https:\/\/uppland.birdlife.se\/en\/wp-json\/wp\/v2\/media?parent=9313"}],"wp:term":[{"taxonomy":"post_tag","embeddable":true,"href":"https:\/\/uppland.birdlife.se\/en\/wp-json\/wp\/v2\/tags?post=9313"},{"taxonomy":"tribe_events_cat","embeddable":true,"href":"https:\/\/uppland.birdlife.se\/en\/wp-json\/wp\/v2\/tribe_events_cat?post=9313"}],"curies":[{"name":"wp","href":"https:\/\/api.w.org\/{rel}","templated":true}]}}