{"id":9314,"date":"2026-09-01T17:07:45","date_gmt":"2026-09-01T15:07:45","guid":{"rendered":"https:\/\/uppland.birdlife.se\/?post_type=tribe_events&#038;p=9314"},"modified":"2026-09-01T17:20:15","modified_gmt":"2026-09-01T15:20:15","slug":"ringmarkningens-dag-oxangen","status":"publish","type":"tribe_events","link":"https:\/\/uppland.birdlife.se\/en\/program\/ringmarkningens-dag-oxangen\/","title":{"rendered":"Ringm\u00e4rkningens dag: Ox\u00e4ngen"},"content":{"rendered":"<p><img decoding=\"async\" class=\"alignnone wp-image-6667\" src=\"https:\/\/cdn.birdlife.se\/wp-content\/uploads\/sites\/58\/2024\/10\/erfarenhetA.png\" alt=\"\" width=\"43\" height=\"43\" srcset=\"https:\/\/cdn.birdlife.se\/wp-content\/uploads\/sites\/58\/2024\/10\/erfarenhetA.png 64w, https:\/\/cdn.birdlife.se\/wp-content\/uploads\/sites\/58\/2024\/10\/erfarenhetA-12x12.png 12w\" sizes=\"(max-width: 43px) 100vw, 43px\" \/>\u00a0<img decoding=\"async\" class=\"alignnone wp-image-6671\" src=\"https:\/\/cdn.birdlife.se\/wp-content\/uploads\/sites\/58\/2024\/10\/terrang2.png\" alt=\"\" width=\"44\" height=\"44\" srcset=\"https:\/\/cdn.birdlife.se\/wp-content\/uploads\/sites\/58\/2024\/10\/terrang2.png 74w, https:\/\/cdn.birdlife.se\/wp-content\/uploads\/sites\/58\/2024\/10\/terrang2-12x12.png 12w\" sizes=\"(max-width: 44px) 100vw, 44px\" \/> <img decoding=\"async\" class=\"alignnone wp-image-6673\" src=\"https:\/\/cdn.birdlife.se\/wp-content\/uploads\/sites\/58\/2024\/10\/tidsatgang.png\" alt=\"\" width=\"42\" height=\"43\" srcset=\"https:\/\/cdn.birdlife.se\/wp-content\/uploads\/sites\/58\/2024\/10\/tidsatgang.png 65w, https:\/\/cdn.birdlife.se\/wp-content\/uploads\/sites\/58\/2024\/10\/tidsatgang-12x12.png 12w\" sizes=\"(max-width: 42px) 100vw, 42px\" \/> 5h<\/p>\n<p>Vi \u00e5ker till norra Vendelsj\u00f6n f\u00f6r en morgon p\u00e5 ringm\u00e4rkningen vid Ox\u00e4ngen. Denna tid p\u00e5 \u00e5ret \u00e4r det sp\u00e4nnande i vass- och buskmilj\u00f6er d\u00e5 vi har chans att se m\u00e5nga olika f\u00e5glar i n\u00e4ten, t.ex. r\u00f6rs\u00e5ngare och kanske en bl\u00e5hake. Vid denna tid p\u00e5g\u00e5r str\u00e4cket av l\u00f6vs\u00e5ngare som b\u00e4st, s\u00e5 dessa f\u00e5r vi s\u00e4kerligen se p\u00e5 n\u00e4ra h\u00e5ll. Vi \u00e5ker tillsammans fr\u00e5n Uppsala till Ox\u00e4ngen d\u00e4r vi m\u00f6ts av Nina Janelm och medarbetare som visar oss ringm\u00e4rkningen.<\/p>\n<p>&nbsp;<\/p>\n<p><strong>Anm\u00e4lan:<\/strong> nelly.yasmine@gmail.com (Nelly Fernando)<br \/>\n<strong>Samling:<\/strong> 06:00 vid Helga trefaldighets kyrka<br \/>\n<strong>Kostnad:<\/strong> 100 kr till f\u00f6raren<\/p>","protected":false},"excerpt":{"rendered":"<p>\u00a0 5h Vi \u00e5ker till norra Vendelsj\u00f6n f\u00f6r en morgon p\u00e5 ringm\u00e4rkningen vid Ox\u00e4ngen. Denna tid p\u00e5 \u00e5ret \u00e4r det sp\u00e4nnande i vass- och buskmilj\u00f6er d\u00e5 vi har chans att [&hellip;]<\/p>\n","protected":false},"author":106,"featured_media":0,"template":"","meta":{"_acf_changed":false,"inline_featured_image":false,"_tribe_events_status":"","_tribe_events_status_reason":"","_tribe_events_is_hybrid":"","_tribe_events_is_virtual":"","_tribe_events_virtual_video_source":"","_tribe_events_virtual_embed_video":"","_tribe_events_virtual_linked_button_text":"","_tribe_events_virtual_linked_button":"","_tribe_events_virtual_show_embed_at":"","_tribe_events_virtual_show_embed_to":[],"_tribe_events_virtual_show_on_event":"","_tribe_events_virtual_show_on_views":"","_tribe_events_virtual_url":"","footnotes":""},"tags":[],"tribe_events_cat":[44],"class_list":["post-9314","tribe_events","type-tribe_events","status-publish","hentry","tribe_events_cat-ovrigt","cat_ovrigt"],"acf":[],"yoast_head":"<!-- This site is optimized with the Yoast SEO plugin v28.3 - https:\/\/yoast.com\/product\/yoast-seo-wordpress\/ -->\n<title>Ringm\u00e4rkningens dag: Ox\u00e4ngen - BirdLife Uppland<\/title>\n<meta name=\"robots\" content=\"index, follow, max-snippet:-1, max-image-preview:large, max-video-preview:-1\" \/>\n<link rel=\"canonical\" href=\"https:\/\/uppland.birdlife.se\/en\/program\/ringmarkningens-dag-oxangen\/\" \/>\n<meta property=\"og:locale\" content=\"en_GB\" \/>\n<meta property=\"og:type\" content=\"article\" \/>\n<meta property=\"og:title\" content=\"Ringm\u00e4rkningens dag: Ox\u00e4ngen - BirdLife Uppland\" \/>\n<meta property=\"og:description\" content=\"\u00a0 5h Vi \u00e5ker till norra Vendelsj\u00f6n f\u00f6r en morgon p\u00e5 ringm\u00e4rkningen vid Ox\u00e4ngen. Denna tid p\u00e5 \u00e5ret \u00e4r det sp\u00e4nnande i vass- och buskmilj\u00f6er d\u00e5 vi har chans att [&hellip;]\" \/>\n<meta property=\"og:url\" content=\"https:\/\/uppland.birdlife.se\/en\/program\/ringmarkningens-dag-oxangen\/\" \/>\n<meta property=\"og:site_name\" content=\"BirdLife Uppland\" \/>\n<meta property=\"article:publisher\" content=\"https:\/\/www.facebook.com\/UpplandsOrn\" \/>\n<meta property=\"article:modified_time\" content=\"2026-09-01T15:20:15+00:00\" \/>\n<meta property=\"og:image\" content=\"https:\/\/uppland.birdlife.se\/wp-content\/uploads\/sites\/58\/2024\/10\/erfarenhetA.png\" \/>\n<meta name=\"twitter:card\" content=\"summary_large_image\" \/>\n<meta name=\"twitter:label1\" content=\"Est. reading time\" \/>\n\t<meta name=\"twitter:data1\" content=\"2 minutes\" \/>\n<script type=\"application\/ld+json\" class=\"yoast-schema-graph\">{\"@context\":\"https:\\\/\\\/schema.org\",\"@graph\":[{\"@type\":\"WebPage\",\"@id\":\"https:\\\/\\\/uppland.birdlife.se\\\/program\\\/ringmarkningens-dag-oxangen\\\/\",\"url\":\"https:\\\/\\\/uppland.birdlife.se\\\/program\\\/ringmarkningens-dag-oxangen\\\/\",\"name\":\"Ringm\u00e4rkningens dag: Ox\u00e4ngen - BirdLife Uppland\",\"isPartOf\":{\"@id\":\"https:\\\/\\\/uppland.birdlife.se\\\/#website\"},\"primaryImageOfPage\":{\"@id\":\"https:\\\/\\\/uppland.birdlife.se\\\/program\\\/ringmarkningens-dag-oxangen\\\/#primaryimage\"},\"image\":{\"@id\":\"https:\\\/\\\/uppland.birdlife.se\\\/program\\\/ringmarkningens-dag-oxangen\\\/#primaryimage\"},\"thumbnailUrl\":\"https:\\\/\\\/uppland.birdlife.se\\\/wp-content\\\/uploads\\\/sites\\\/58\\\/2024\\\/10\\\/erfarenhetA.png\",\"datePublished\":\"2026-09-01T15:07:45+00:00\",\"dateModified\":\"2026-09-01T15:20:15+00:00\",\"breadcrumb\":{\"@id\":\"https:\\\/\\\/uppland.birdlife.se\\\/program\\\/ringmarkningens-dag-oxangen\\\/#breadcrumb\"},\"inLanguage\":\"en-GB\",\"potentialAction\":[{\"@type\":\"ReadAction\",\"target\":[\"https:\\\/\\\/uppland.birdlife.se\\\/program\\\/ringmarkningens-dag-oxangen\\\/\"]}]},{\"@type\":\"ImageObject\",\"inLanguage\":\"en-GB\",\"@id\":\"https:\\\/\\\/uppland.birdlife.se\\\/program\\\/ringmarkningens-dag-oxangen\\\/#primaryimage\",\"url\":\"https:\\\/\\\/uppland.birdlife.se\\\/wp-content\\\/uploads\\\/sites\\\/58\\\/2024\\\/10\\\/erfarenhetA.png\",\"contentUrl\":\"https:\\\/\\\/uppland.birdlife.se\\\/wp-content\\\/uploads\\\/sites\\\/58\\\/2024\\\/10\\\/erfarenhetA.png\"},{\"@type\":\"BreadcrumbList\",\"@id\":\"https:\\\/\\\/uppland.birdlife.se\\\/program\\\/ringmarkningens-dag-oxangen\\\/#breadcrumb\",\"itemListElement\":[{\"@type\":\"ListItem\",\"position\":1,\"name\":\"Home\",\"item\":\"https:\\\/\\\/uppland.birdlife.se\\\/\"},{\"@type\":\"ListItem\",\"position\":2,\"name\":\"Evenemang\",\"item\":\"https:\\\/\\\/uppland.birdlife.se\\\/evenemang\\\/\"},{\"@type\":\"ListItem\",\"position\":3,\"name\":\"Ringm\u00e4rkningens dag: Ox\u00e4ngen\"}]},{\"@type\":\"WebSite\",\"@id\":\"https:\\\/\\\/uppland.birdlife.se\\\/#website\",\"url\":\"https:\\\/\\\/uppland.birdlife.se\\\/\",\"name\":\"BirdLife Uppland\",\"description\":\"En levande f\u00e5gelfauna i hela Uppland\",\"publisher\":{\"@id\":\"https:\\\/\\\/uppland.birdlife.se\\\/#organization\"},\"potentialAction\":[{\"@type\":\"SearchAction\",\"target\":{\"@type\":\"EntryPoint\",\"urlTemplate\":\"https:\\\/\\\/uppland.birdlife.se\\\/?s={search_term_string}\"},\"query-input\":{\"@type\":\"PropertyValueSpecification\",\"valueRequired\":true,\"valueName\":\"search_term_string\"}}],\"inLanguage\":\"en-GB\"},{\"@type\":\"Organization\",\"@id\":\"https:\\\/\\\/uppland.birdlife.se\\\/#organization\",\"name\":\"BirdLife Uppland\",\"url\":\"https:\\\/\\\/uppland.birdlife.se\\\/\",\"logo\":{\"@type\":\"ImageObject\",\"inLanguage\":\"en-GB\",\"@id\":\"https:\\\/\\\/uppland.birdlife.se\\\/#\\\/schema\\\/logo\\\/image\\\/\",\"url\":\"https:\\\/\\\/cdn.birdlife.se\\\/wp-content\\\/uploads\\\/sites\\\/58\\\/2025\\\/12\\\/birdlifeUOF_profil_vertikal_150dpi.png\",\"contentUrl\":\"https:\\\/\\\/cdn.birdlife.se\\\/wp-content\\\/uploads\\\/sites\\\/58\\\/2025\\\/12\\\/birdlifeUOF_profil_vertikal_150dpi.png\",\"width\":469,\"height\":459,\"caption\":\"BirdLife Uppland\"},\"image\":{\"@id\":\"https:\\\/\\\/uppland.birdlife.se\\\/#\\\/schema\\\/logo\\\/image\\\/\"},\"sameAs\":[\"https:\\\/\\\/www.facebook.com\\\/UpplandsOrn\"]}]}<\/script>\n<!-- \/ Yoast SEO plugin. -->","yoast_head_json":{"title":"Ringm\u00e4rkningens dag: Ox\u00e4ngen - BirdLife Uppland","robots":{"index":"index","follow":"follow","max-snippet":"max-snippet:-1","max-image-preview":"max-image-preview:large","max-video-preview":"max-video-preview:-1"},"canonical":"https:\/\/uppland.birdlife.se\/en\/program\/ringmarkningens-dag-oxangen\/","og_locale":"en_GB","og_type":"article","og_title":"Ringm\u00e4rkningens dag: Ox\u00e4ngen - BirdLife Uppland","og_description":"\u00a0 5h Vi \u00e5ker till norra Vendelsj\u00f6n f\u00f6r en morgon p\u00e5 ringm\u00e4rkningen vid Ox\u00e4ngen. Denna tid p\u00e5 \u00e5ret \u00e4r det sp\u00e4nnande i vass- och buskmilj\u00f6er d\u00e5 vi har chans att [&hellip;]","og_url":"https:\/\/uppland.birdlife.se\/en\/program\/ringmarkningens-dag-oxangen\/","og_site_name":"BirdLife Uppland","article_publisher":"https:\/\/www.facebook.com\/UpplandsOrn","article_modified_time":"2026-09-01T15:20:15+00:00","og_image":[{"url":"https:\/\/uppland.birdlife.se\/wp-content\/uploads\/sites\/58\/2024\/10\/erfarenhetA.png","type":"","width":"","height":""}],"twitter_card":"summary_large_image","twitter_misc":{"Est. reading time":"2 minutes"},"schema":{"@context":"https:\/\/schema.org","@graph":[{"@type":"WebPage","@id":"https:\/\/uppland.birdlife.se\/program\/ringmarkningens-dag-oxangen\/","url":"https:\/\/uppland.birdlife.se\/program\/ringmarkningens-dag-oxangen\/","name":"Ringm\u00e4rkningens dag: Ox\u00e4ngen - BirdLife Uppland","isPartOf":{"@id":"https:\/\/uppland.birdlife.se\/#website"},"primaryImageOfPage":{"@id":"https:\/\/uppland.birdlife.se\/program\/ringmarkningens-dag-oxangen\/#primaryimage"},"image":{"@id":"https:\/\/uppland.birdlife.se\/program\/ringmarkningens-dag-oxangen\/#primaryimage"},"thumbnailUrl":"https:\/\/uppland.birdlife.se\/wp-content\/uploads\/sites\/58\/2024\/10\/erfarenhetA.png","datePublished":"2026-09-01T15:07:45+00:00","dateModified":"2026-09-01T15:20:15+00:00","breadcrumb":{"@id":"https:\/\/uppland.birdlife.se\/program\/ringmarkningens-dag-oxangen\/#breadcrumb"},"inLanguage":"en-GB","potentialAction":[{"@type":"ReadAction","target":["https:\/\/uppland.birdlife.se\/program\/ringmarkningens-dag-oxangen\/"]}]},{"@type":"ImageObject","inLanguage":"en-GB","@id":"https:\/\/uppland.birdlife.se\/program\/ringmarkningens-dag-oxangen\/#primaryimage","url":"https:\/\/uppland.birdlife.se\/wp-content\/uploads\/sites\/58\/2024\/10\/erfarenhetA.png","contentUrl":"https:\/\/uppland.birdlife.se\/wp-content\/uploads\/sites\/58\/2024\/10\/erfarenhetA.png"},{"@type":"BreadcrumbList","@id":"https:\/\/uppland.birdlife.se\/program\/ringmarkningens-dag-oxangen\/#breadcrumb","itemListElement":[{"@type":"ListItem","position":1,"name":"Home","item":"https:\/\/uppland.birdlife.se\/"},{"@type":"ListItem","position":2,"name":"Evenemang","item":"https:\/\/uppland.birdlife.se\/evenemang\/"},{"@type":"ListItem","position":3,"name":"Ringm\u00e4rkningens dag: Ox\u00e4ngen"}]},{"@type":"WebSite","@id":"https:\/\/uppland.birdlife.se\/#website","url":"https:\/\/uppland.birdlife.se\/","name":"BirdLife Uppland","description":"En levande f\u00e5gelfauna i hela Uppland","publisher":{"@id":"https:\/\/uppland.birdlife.se\/#organization"},"potentialAction":[{"@type":"SearchAction","target":{"@type":"EntryPoint","urlTemplate":"https:\/\/uppland.birdlife.se\/?s={search_term_string}"},"query-input":{"@type":"PropertyValueSpecification","valueRequired":true,"valueName":"search_term_string"}}],"inLanguage":"en-GB"},{"@type":"Organization","@id":"https:\/\/uppland.birdlife.se\/#organization","name":"BirdLife Uppland","url":"https:\/\/uppland.birdlife.se\/","logo":{"@type":"ImageObject","inLanguage":"en-GB","@id":"https:\/\/uppland.birdlife.se\/#\/schema\/logo\/image\/","url":"https:\/\/cdn.birdlife.se\/wp-content\/uploads\/sites\/58\/2025\/12\/birdlifeUOF_profil_vertikal_150dpi.png","contentUrl":"https:\/\/cdn.birdlife.se\/wp-content\/uploads\/sites\/58\/2025\/12\/birdlifeUOF_profil_vertikal_150dpi.png","width":469,"height":459,"caption":"BirdLife Uppland"},"image":{"@id":"https:\/\/uppland.birdlife.se\/#\/schema\/logo\/image\/"},"sameAs":["https:\/\/www.facebook.com\/UpplandsOrn"]}]}},"_links":{"self":[{"href":"https:\/\/uppland.birdlife.se\/en\/wp-json\/wp\/v2\/tribe_events\/9314","targetHints":{"allow":["GET"]}}],"collection":[{"href":"https:\/\/uppland.birdlife.se\/en\/wp-json\/wp\/v2\/tribe_events"}],"about":[{"href":"https:\/\/uppland.birdlife.se\/en\/wp-json\/wp\/v2\/types\/tribe_events"}],"author":[{"embeddable":true,"href":"https:\/\/uppland.birdlife.se\/en\/wp-json\/wp\/v2\/users\/106"}],"version-history":[{"count":4,"href":"https:\/\/uppland.birdlife.se\/en\/wp-json\/wp\/v2\/tribe_events\/9314\/revisions"}],"predecessor-version":[{"id":9338,"href":"https:\/\/uppland.birdlife.se\/en\/wp-json\/wp\/v2\/tribe_events\/9314\/revisions\/9338"}],"wp:attachment":[{"href":"https:\/\/uppland.birdlife.se\/en\/wp-json\/wp\/v2\/media?parent=9314"}],"wp:term":[{"taxonomy":"post_tag","embeddable":true,"href":"https:\/\/uppland.birdlife.se\/en\/wp-json\/wp\/v2\/tags?post=9314"},{"taxonomy":"tribe_events_cat","embeddable":true,"href":"https:\/\/uppland.birdlife.se\/en\/wp-json\/wp\/v2\/tribe_events_cat?post=9314"}],"curies":[{"name":"wp","href":"https:\/\/api.w.org\/{rel}","templated":true}]}}