{"id":9316,"date":"2026-09-01T17:10:50","date_gmt":"2026-09-01T15:10:50","guid":{"rendered":"https:\/\/uppland.birdlife.se\/?post_type=tribe_events&#038;p=9316"},"modified":"2026-09-01T17:20:22","modified_gmt":"2026-09-01T15:20:22","slug":"bjorn","status":"publish","type":"tribe_events","link":"https:\/\/uppland.birdlife.se\/en\/program\/bjorn\/","title":{"rendered":"Bj\u00f6rn 1"},"content":{"rendered":"<p><img decoding=\"async\" class=\"alignnone wp-image-6675\" src=\"https:\/\/cdn.birdlife.se\/wp-content\/uploads\/sites\/58\/2024\/10\/tubkikare.png\" alt=\"\" width=\"42\" height=\"43\" srcset=\"https:\/\/cdn.birdlife.se\/wp-content\/uploads\/sites\/58\/2024\/10\/tubkikare.png 65w, https:\/\/cdn.birdlife.se\/wp-content\/uploads\/sites\/58\/2024\/10\/tubkikare-12x12.png 12w\" sizes=\"(max-width: 42px) 100vw, 42px\" \/> <img decoding=\"async\" class=\"alignnone wp-image-6667\" src=\"https:\/\/cdn.birdlife.se\/wp-content\/uploads\/sites\/58\/2024\/10\/erfarenhetA.png\" alt=\"\" width=\"43\" height=\"43\" srcset=\"https:\/\/cdn.birdlife.se\/wp-content\/uploads\/sites\/58\/2024\/10\/erfarenhetA.png 64w, https:\/\/cdn.birdlife.se\/wp-content\/uploads\/sites\/58\/2024\/10\/erfarenhetA-12x12.png 12w\" sizes=\"(max-width: 43px) 100vw, 43px\" \/> <img decoding=\"async\" class=\"alignnone wp-image-6671\" src=\"https:\/\/cdn.birdlife.se\/wp-content\/uploads\/sites\/58\/2024\/10\/terrang2.png\" alt=\"\" width=\"44\" height=\"44\" srcset=\"https:\/\/cdn.birdlife.se\/wp-content\/uploads\/sites\/58\/2024\/10\/terrang2.png 74w, https:\/\/cdn.birdlife.se\/wp-content\/uploads\/sites\/58\/2024\/10\/terrang2-12x12.png 12w\" sizes=\"(max-width: 44px) 100vw, 44px\" \/> <img loading=\"lazy\" decoding=\"async\" class=\"alignnone wp-image-6673\" src=\"https:\/\/cdn.birdlife.se\/wp-content\/uploads\/sites\/58\/2024\/10\/tidsatgang.png\" alt=\"\" width=\"42\" height=\"43\" srcset=\"https:\/\/cdn.birdlife.se\/wp-content\/uploads\/sites\/58\/2024\/10\/tidsatgang.png 65w, https:\/\/cdn.birdlife.se\/wp-content\/uploads\/sites\/58\/2024\/10\/tidsatgang-12x12.png 12w\" sizes=\"(max-width: 42px) 100vw, 42px\" \/> 10h<\/p>\n<p>F\u00f6lj med ut till Bj\u00f6rn i slutet av september och m\u00f6t h\u00f6stens flyttf\u00e5glar p\u00e5 \u00f6n. Vi kommer bland annat att bes\u00f6ka ringm\u00e4rkningen och spana efter trevliga rastande t\u00e4ttingar. Det \u00e4r bra tid f\u00f6r kungsf\u00e5glar, r\u00f6dhakar, s\u00e4vsparvar och pipl\u00e4rkor. N\u00e4r vi g\u00e5r runt p\u00e5 \u00f6n kan vi med lite tur f\u00e5 syn p\u00e5 rara arter som mindre flugsnappare eller lappsparv.<\/p>\n<p>&nbsp;<\/p>\n<p><strong>Anm\u00e4lan:<\/strong> warnback@hotmail.com (Jan W\u00e4rnb\u00e4ck)<br \/>\n<strong>Samling:<\/strong> Kl. 05:00 vid Helga Trefaldighetskyrkan i Uppsala. Avf\u00e4rd 05:00 fr\u00e5n Uppsala, hemkomst ber\u00e4knas till 15-tiden. Maximalt antal platser: 14.<br \/>\n<strong>Kostnad:<\/strong> 500 kr (350 kr f\u00f6r b\u00e5t och 150 kr f\u00f6r bil till f\u00f6rare)<\/p>","protected":false},"excerpt":{"rendered":"<p>10h F\u00f6lj med ut till Bj\u00f6rn i slutet av september och m\u00f6t h\u00f6stens flyttf\u00e5glar p\u00e5 \u00f6n. Vi kommer bland annat att bes\u00f6ka ringm\u00e4rkningen och spana efter trevliga rastande t\u00e4ttingar. Det [&hellip;]<\/p>\n","protected":false},"author":106,"featured_media":0,"template":"","meta":{"_acf_changed":false,"inline_featured_image":false,"_tribe_events_status":"","_tribe_events_status_reason":"","_tribe_events_is_hybrid":"","_tribe_events_is_virtual":"","_tribe_events_virtual_video_source":"","_tribe_events_virtual_embed_video":"","_tribe_events_virtual_linked_button_text":"","_tribe_events_virtual_linked_button":"","_tribe_events_virtual_show_embed_at":"","_tribe_events_virtual_show_embed_to":[],"_tribe_events_virtual_show_on_event":"","_tribe_events_virtual_show_on_views":"","_tribe_events_virtual_url":"","footnotes":""},"tags":[],"tribe_events_cat":[33],"class_list":["post-9316","tribe_events","type-tribe_events","status-publish","hentry","tribe_events_cat-vandring","cat_vandring"],"acf":[],"yoast_head":"<!-- This site is optimized with the Yoast SEO plugin v28.3 - https:\/\/yoast.com\/product\/yoast-seo-wordpress\/ -->\n<title>Bj\u00f6rn 1 - BirdLife Uppland<\/title>\n<meta name=\"robots\" content=\"index, follow, max-snippet:-1, max-image-preview:large, max-video-preview:-1\" \/>\n<link rel=\"canonical\" href=\"https:\/\/uppland.birdlife.se\/en\/program\/bjorn\/\" \/>\n<meta property=\"og:locale\" content=\"en_GB\" \/>\n<meta property=\"og:type\" content=\"article\" \/>\n<meta property=\"og:title\" content=\"Bj\u00f6rn 1 - BirdLife Uppland\" \/>\n<meta property=\"og:description\" content=\"10h F\u00f6lj med ut till Bj\u00f6rn i slutet av september och m\u00f6t h\u00f6stens flyttf\u00e5glar p\u00e5 \u00f6n. Vi kommer bland annat att bes\u00f6ka ringm\u00e4rkningen och spana efter trevliga rastande t\u00e4ttingar. Det [&hellip;]\" \/>\n<meta property=\"og:url\" content=\"https:\/\/uppland.birdlife.se\/en\/program\/bjorn\/\" \/>\n<meta property=\"og:site_name\" content=\"BirdLife Uppland\" \/>\n<meta property=\"article:publisher\" content=\"https:\/\/www.facebook.com\/UpplandsOrn\" \/>\n<meta property=\"article:modified_time\" content=\"2026-09-01T15:20:22+00:00\" \/>\n<meta property=\"og:image\" content=\"https:\/\/uppland.birdlife.se\/wp-content\/uploads\/sites\/58\/2024\/10\/tubkikare.png\" \/>\n<meta name=\"twitter:card\" content=\"summary_large_image\" \/>\n<meta name=\"twitter:label1\" content=\"Est. reading time\" \/>\n\t<meta name=\"twitter:data1\" content=\"2 minutes\" \/>\n<script type=\"application\/ld+json\" class=\"yoast-schema-graph\">{\"@context\":\"https:\\\/\\\/schema.org\",\"@graph\":[{\"@type\":\"WebPage\",\"@id\":\"https:\\\/\\\/uppland.birdlife.se\\\/program\\\/bjorn\\\/\",\"url\":\"https:\\\/\\\/uppland.birdlife.se\\\/program\\\/bjorn\\\/\",\"name\":\"Bj\u00f6rn 1 - BirdLife Uppland\",\"isPartOf\":{\"@id\":\"https:\\\/\\\/uppland.birdlife.se\\\/#website\"},\"primaryImageOfPage\":{\"@id\":\"https:\\\/\\\/uppland.birdlife.se\\\/program\\\/bjorn\\\/#primaryimage\"},\"image\":{\"@id\":\"https:\\\/\\\/uppland.birdlife.se\\\/program\\\/bjorn\\\/#primaryimage\"},\"thumbnailUrl\":\"https:\\\/\\\/uppland.birdlife.se\\\/wp-content\\\/uploads\\\/sites\\\/58\\\/2024\\\/10\\\/tubkikare.png\",\"datePublished\":\"2026-09-01T15:10:50+00:00\",\"dateModified\":\"2026-09-01T15:20:22+00:00\",\"breadcrumb\":{\"@id\":\"https:\\\/\\\/uppland.birdlife.se\\\/program\\\/bjorn\\\/#breadcrumb\"},\"inLanguage\":\"en-GB\",\"potentialAction\":[{\"@type\":\"ReadAction\",\"target\":[\"https:\\\/\\\/uppland.birdlife.se\\\/program\\\/bjorn\\\/\"]}]},{\"@type\":\"ImageObject\",\"inLanguage\":\"en-GB\",\"@id\":\"https:\\\/\\\/uppland.birdlife.se\\\/program\\\/bjorn\\\/#primaryimage\",\"url\":\"https:\\\/\\\/uppland.birdlife.se\\\/wp-content\\\/uploads\\\/sites\\\/58\\\/2024\\\/10\\\/tubkikare.png\",\"contentUrl\":\"https:\\\/\\\/uppland.birdlife.se\\\/wp-content\\\/uploads\\\/sites\\\/58\\\/2024\\\/10\\\/tubkikare.png\"},{\"@type\":\"BreadcrumbList\",\"@id\":\"https:\\\/\\\/uppland.birdlife.se\\\/program\\\/bjorn\\\/#breadcrumb\",\"itemListElement\":[{\"@type\":\"ListItem\",\"position\":1,\"name\":\"Home\",\"item\":\"https:\\\/\\\/uppland.birdlife.se\\\/\"},{\"@type\":\"ListItem\",\"position\":2,\"name\":\"Evenemang\",\"item\":\"https:\\\/\\\/uppland.birdlife.se\\\/evenemang\\\/\"},{\"@type\":\"ListItem\",\"position\":3,\"name\":\"Bj\u00f6rn 1\"}]},{\"@type\":\"WebSite\",\"@id\":\"https:\\\/\\\/uppland.birdlife.se\\\/#website\",\"url\":\"https:\\\/\\\/uppland.birdlife.se\\\/\",\"name\":\"BirdLife Uppland\",\"description\":\"En levande f\u00e5gelfauna i hela Uppland\",\"publisher\":{\"@id\":\"https:\\\/\\\/uppland.birdlife.se\\\/#organization\"},\"potentialAction\":[{\"@type\":\"SearchAction\",\"target\":{\"@type\":\"EntryPoint\",\"urlTemplate\":\"https:\\\/\\\/uppland.birdlife.se\\\/?s={search_term_string}\"},\"query-input\":{\"@type\":\"PropertyValueSpecification\",\"valueRequired\":true,\"valueName\":\"search_term_string\"}}],\"inLanguage\":\"en-GB\"},{\"@type\":\"Organization\",\"@id\":\"https:\\\/\\\/uppland.birdlife.se\\\/#organization\",\"name\":\"BirdLife Uppland\",\"url\":\"https:\\\/\\\/uppland.birdlife.se\\\/\",\"logo\":{\"@type\":\"ImageObject\",\"inLanguage\":\"en-GB\",\"@id\":\"https:\\\/\\\/uppland.birdlife.se\\\/#\\\/schema\\\/logo\\\/image\\\/\",\"url\":\"https:\\\/\\\/cdn.birdlife.se\\\/wp-content\\\/uploads\\\/sites\\\/58\\\/2025\\\/12\\\/birdlifeUOF_profil_vertikal_150dpi.png\",\"contentUrl\":\"https:\\\/\\\/cdn.birdlife.se\\\/wp-content\\\/uploads\\\/sites\\\/58\\\/2025\\\/12\\\/birdlifeUOF_profil_vertikal_150dpi.png\",\"width\":469,\"height\":459,\"caption\":\"BirdLife Uppland\"},\"image\":{\"@id\":\"https:\\\/\\\/uppland.birdlife.se\\\/#\\\/schema\\\/logo\\\/image\\\/\"},\"sameAs\":[\"https:\\\/\\\/www.facebook.com\\\/UpplandsOrn\"]}]}<\/script>\n<!-- \/ Yoast SEO plugin. -->","yoast_head_json":{"title":"Bj\u00f6rn 1 - BirdLife Uppland","robots":{"index":"index","follow":"follow","max-snippet":"max-snippet:-1","max-image-preview":"max-image-preview:large","max-video-preview":"max-video-preview:-1"},"canonical":"https:\/\/uppland.birdlife.se\/en\/program\/bjorn\/","og_locale":"en_GB","og_type":"article","og_title":"Bj\u00f6rn 1 - BirdLife Uppland","og_description":"10h F\u00f6lj med ut till Bj\u00f6rn i slutet av september och m\u00f6t h\u00f6stens flyttf\u00e5glar p\u00e5 \u00f6n. Vi kommer bland annat att bes\u00f6ka ringm\u00e4rkningen och spana efter trevliga rastande t\u00e4ttingar. Det [&hellip;]","og_url":"https:\/\/uppland.birdlife.se\/en\/program\/bjorn\/","og_site_name":"BirdLife Uppland","article_publisher":"https:\/\/www.facebook.com\/UpplandsOrn","article_modified_time":"2026-09-01T15:20:22+00:00","og_image":[{"url":"https:\/\/uppland.birdlife.se\/wp-content\/uploads\/sites\/58\/2024\/10\/tubkikare.png","type":"","width":"","height":""}],"twitter_card":"summary_large_image","twitter_misc":{"Est. reading time":"2 minutes"},"schema":{"@context":"https:\/\/schema.org","@graph":[{"@type":"WebPage","@id":"https:\/\/uppland.birdlife.se\/program\/bjorn\/","url":"https:\/\/uppland.birdlife.se\/program\/bjorn\/","name":"Bj\u00f6rn 1 - BirdLife Uppland","isPartOf":{"@id":"https:\/\/uppland.birdlife.se\/#website"},"primaryImageOfPage":{"@id":"https:\/\/uppland.birdlife.se\/program\/bjorn\/#primaryimage"},"image":{"@id":"https:\/\/uppland.birdlife.se\/program\/bjorn\/#primaryimage"},"thumbnailUrl":"https:\/\/uppland.birdlife.se\/wp-content\/uploads\/sites\/58\/2024\/10\/tubkikare.png","datePublished":"2026-09-01T15:10:50+00:00","dateModified":"2026-09-01T15:20:22+00:00","breadcrumb":{"@id":"https:\/\/uppland.birdlife.se\/program\/bjorn\/#breadcrumb"},"inLanguage":"en-GB","potentialAction":[{"@type":"ReadAction","target":["https:\/\/uppland.birdlife.se\/program\/bjorn\/"]}]},{"@type":"ImageObject","inLanguage":"en-GB","@id":"https:\/\/uppland.birdlife.se\/program\/bjorn\/#primaryimage","url":"https:\/\/uppland.birdlife.se\/wp-content\/uploads\/sites\/58\/2024\/10\/tubkikare.png","contentUrl":"https:\/\/uppland.birdlife.se\/wp-content\/uploads\/sites\/58\/2024\/10\/tubkikare.png"},{"@type":"BreadcrumbList","@id":"https:\/\/uppland.birdlife.se\/program\/bjorn\/#breadcrumb","itemListElement":[{"@type":"ListItem","position":1,"name":"Home","item":"https:\/\/uppland.birdlife.se\/"},{"@type":"ListItem","position":2,"name":"Evenemang","item":"https:\/\/uppland.birdlife.se\/evenemang\/"},{"@type":"ListItem","position":3,"name":"Bj\u00f6rn 1"}]},{"@type":"WebSite","@id":"https:\/\/uppland.birdlife.se\/#website","url":"https:\/\/uppland.birdlife.se\/","name":"BirdLife Uppland","description":"En levande f\u00e5gelfauna i hela Uppland","publisher":{"@id":"https:\/\/uppland.birdlife.se\/#organization"},"potentialAction":[{"@type":"SearchAction","target":{"@type":"EntryPoint","urlTemplate":"https:\/\/uppland.birdlife.se\/?s={search_term_string}"},"query-input":{"@type":"PropertyValueSpecification","valueRequired":true,"valueName":"search_term_string"}}],"inLanguage":"en-GB"},{"@type":"Organization","@id":"https:\/\/uppland.birdlife.se\/#organization","name":"BirdLife Uppland","url":"https:\/\/uppland.birdlife.se\/","logo":{"@type":"ImageObject","inLanguage":"en-GB","@id":"https:\/\/uppland.birdlife.se\/#\/schema\/logo\/image\/","url":"https:\/\/cdn.birdlife.se\/wp-content\/uploads\/sites\/58\/2025\/12\/birdlifeUOF_profil_vertikal_150dpi.png","contentUrl":"https:\/\/cdn.birdlife.se\/wp-content\/uploads\/sites\/58\/2025\/12\/birdlifeUOF_profil_vertikal_150dpi.png","width":469,"height":459,"caption":"BirdLife Uppland"},"image":{"@id":"https:\/\/uppland.birdlife.se\/#\/schema\/logo\/image\/"},"sameAs":["https:\/\/www.facebook.com\/UpplandsOrn"]}]}},"_links":{"self":[{"href":"https:\/\/uppland.birdlife.se\/en\/wp-json\/wp\/v2\/tribe_events\/9316","targetHints":{"allow":["GET"]}}],"collection":[{"href":"https:\/\/uppland.birdlife.se\/en\/wp-json\/wp\/v2\/tribe_events"}],"about":[{"href":"https:\/\/uppland.birdlife.se\/en\/wp-json\/wp\/v2\/types\/tribe_events"}],"author":[{"embeddable":true,"href":"https:\/\/uppland.birdlife.se\/en\/wp-json\/wp\/v2\/users\/106"}],"version-history":[{"count":5,"href":"https:\/\/uppland.birdlife.se\/en\/wp-json\/wp\/v2\/tribe_events\/9316\/revisions"}],"predecessor-version":[{"id":9340,"href":"https:\/\/uppland.birdlife.se\/en\/wp-json\/wp\/v2\/tribe_events\/9316\/revisions\/9340"}],"wp:attachment":[{"href":"https:\/\/uppland.birdlife.se\/en\/wp-json\/wp\/v2\/media?parent=9316"}],"wp:term":[{"taxonomy":"post_tag","embeddable":true,"href":"https:\/\/uppland.birdlife.se\/en\/wp-json\/wp\/v2\/tags?post=9316"},{"taxonomy":"tribe_events_cat","embeddable":true,"href":"https:\/\/uppland.birdlife.se\/en\/wp-json\/wp\/v2\/tribe_events_cat?post=9316"}],"curies":[{"name":"wp","href":"https:\/\/api.w.org\/{rel}","templated":true}]}}